{"id":31,"date":"2015-05-18T12:43:37","date_gmt":"2015-05-18T12:43:37","guid":{"rendered":"http:\/\/vitralesdelrosario.com.ar\/vitral\/?page_id=31"},"modified":"2015-06-12T12:55:59","modified_gmt":"2015-06-12T12:55:59","slug":"arte","status":"publish","type":"page","link":"https:\/\/vitralesdelrosario.com.ar\/vitral\/arte\/","title":{"rendered":"Grandes Obras"},"content":{"rendered":"<p>\t<div class=\"ngg-albumoverview default-view\">\n\t\t\t\t\t<div class=\"ngg-album-compact\">\n\t\t\t\t<div class=\"ngg-album-compactbox\">\n\t\t\t\t\t<div class=\"ngg-album-link\">\n\t\t\t\t\t\t\t\t\t\t\t\t\t\t\t\t\t\t\t\t\t<a title='Colegio de Escribanos Rosario' href='https:\/\/vitralesdelrosario.com.ar\/vitral\/arte\/nggallery\/colegio\/colegio'>\n\t\t\t\t\t\t\t\t\t<img class=\"Thumb\"\n\t\t\t\t\t\t\t\t\t\talt=\"Colegio de Escribanos Rosario\"\n\t\t\t\t\t\t\t\t\t\tsrc=\"https:\/\/vitralesdelrosario.com.ar\/vitral\/wp-content\/gallery\/colegio\/cache\/1principal.jpg-nggid03127-ngg0dyn-300x200x100-00f0w010c011r110f110r010t010.jpg\"\/>\n\t\t\t\t\t\t\t\t<\/a>\n\t\t\t\t\t\t\t\t\t\t\t\t\t\t\t\t\t\t<\/div>\n\t\t\t\t<\/div>\n\t\t\t\t\t\t\t\t<h4>\n\t\t\t\t\t<a class='ngg-album-desc' \n\t\t\t\t\ttitle='Colegio de Escribanos Rosario' href='https:\/\/vitralesdelrosario.com.ar\/vitral\/arte\/nggallery\/colegio\/colegio'style=\"max-width: 320px\"\t\t\t\t\t>\n\t\t\t\t\t\tColegio de Escribanos Rosario\t\t\t\t\t<\/a>\n\t\t\t\t<\/h4>\n\t\t\t\t<p class=\"ngg-album-gallery-image-counter\">\n\t\t\t\t\t\t\t\t\t\t\t<strong>5<\/strong>&nbsp;Fotos\t\t\t\t\t\t\t\t\t<\/p>\n\t\t\t<\/div>\n\t\t\t\t\t<div class=\"ngg-album-compact\">\n\t\t\t\t<div class=\"ngg-album-compactbox\">\n\t\t\t\t\t<div class=\"ngg-album-link\">\n\t\t\t\t\t\t\t\t\t\t\t\t\t\t\t\t\t\t\t\t\t<a title='Edificio Ex Bco Naci\u00f3n de Rosario' href='https:\/\/vitralesdelrosario.com.ar\/vitral\/arte\/nggallery\/colegio\/bco-nacion'>\n\t\t\t\t\t\t\t\t\t<img class=\"Thumb\"\n\t\t\t\t\t\t\t\t\t\talt=\"Edificio Ex Bco Naci\u00f3n de Rosario\"\n\t\t\t\t\t\t\t\t\t\tsrc=\"https:\/\/vitralesdelrosario.com.ar\/vitral\/wp-content\/gallery\/bco-nacion\/cache\/AAprincipal.jpg-nggid03119-ngg0dyn-300x200x100-00f0w010c011r110f110r010t010.jpg\"\/>\n\t\t\t\t\t\t\t\t<\/a>\n\t\t\t\t\t\t\t\t\t\t\t\t\t\t\t\t\t\t<\/div>\n\t\t\t\t<\/div>\n\t\t\t\t\t\t\t\t<h4>\n\t\t\t\t\t<a class='ngg-album-desc' \n\t\t\t\t\ttitle='Edificio Ex Bco Naci\u00f3n de Rosario' href='https:\/\/vitralesdelrosario.com.ar\/vitral\/arte\/nggallery\/colegio\/bco-nacion'style=\"max-width: 320px\"\t\t\t\t\t>\n\t\t\t\t\t\tEdificio Ex Bco Naci\u00f3n de Rosario\t\t\t\t\t<\/a>\n\t\t\t\t<\/h4>\n\t\t\t\t<p class=\"ngg-album-gallery-image-counter\">\n\t\t\t\t\t\t\t\t\t\t\t<strong>9<\/strong>&nbsp;Fotos\t\t\t\t\t\t\t\t\t<\/p>\n\t\t\t<\/div>\n\t\t\t\t\t<div class=\"ngg-album-compact\">\n\t\t\t\t<div class=\"ngg-album-compactbox\">\n\t\t\t\t\t<div class=\"ngg-album-link\">\n\t\t\t\t\t\t\t\t\t\t\t\t\t\t\t\t\t\t\t\t\t<a title='Falabella Rosario ' href='https:\/\/vitralesdelrosario.com.ar\/vitral\/arte\/nggallery\/colegio\/falabella'>\n\t\t\t\t\t\t\t\t\t<img class=\"Thumb\"\n\t\t\t\t\t\t\t\t\t\talt=\"Falabella Rosario \"\n\t\t\t\t\t\t\t\t\t\tsrc=\"https:\/\/vitralesdelrosario.com.ar\/vitral\/wp-content\/gallery\/falabella\/cache\/Principal.JPG-nggid03143-ngg0dyn-300x200x100-00f0w010c011r110f110r010t010.JPG\"\/>\n\t\t\t\t\t\t\t\t<\/a>\n\t\t\t\t\t\t\t\t\t\t\t\t\t\t\t\t\t\t<\/div>\n\t\t\t\t<\/div>\n\t\t\t\t\t\t\t\t<h4>\n\t\t\t\t\t<a class='ngg-album-desc' \n\t\t\t\t\ttitle='Falabella Rosario ' href='https:\/\/vitralesdelrosario.com.ar\/vitral\/arte\/nggallery\/colegio\/falabella'style=\"max-width: 320px\"\t\t\t\t\t>\n\t\t\t\t\t\tFalabella Rosario \t\t\t\t\t<\/a>\n\t\t\t\t<\/h4>\n\t\t\t\t<p class=\"ngg-album-gallery-image-counter\">\n\t\t\t\t\t\t\t\t\t\t\t<strong>12<\/strong>&nbsp;Fotos\t\t\t\t\t\t\t\t\t<\/p>\n\t\t\t<\/div>\n\t\t\t\t\t<div class=\"ngg-album-compact\">\n\t\t\t\t<div class=\"ngg-album-compactbox\">\n\t\t\t\t\t<div class=\"ngg-album-link\">\n\t\t\t\t\t\t\t\t\t\t\t\t\t\t\t\t\t\t\t\t\t<a title='Instituto del Ni\u00f1o de Rosario' href='https:\/\/vitralesdelrosario.com.ar\/vitral\/arte\/nggallery\/colegio\/instituto-del-nino'>\n\t\t\t\t\t\t\t\t\t<img class=\"Thumb\"\n\t\t\t\t\t\t\t\t\t\talt=\"Instituto del Ni\u00f1o de Rosario\"\n\t\t\t\t\t\t\t\t\t\tsrc=\"https:\/\/vitralesdelrosario.com.ar\/vitral\/wp-content\/gallery\/instituto-del-nino\/cache\/DSC09653.jpg-nggid0228-ngg0dyn-300x200x100-00f0w010c011r110f110r010t010.jpg\"\/>\n\t\t\t\t\t\t\t\t<\/a>\n\t\t\t\t\t\t\t\t\t\t\t\t\t\t\t\t\t\t<\/div>\n\t\t\t\t<\/div>\n\t\t\t\t\t\t\t\t<h4>\n\t\t\t\t\t<a class='ngg-album-desc' \n\t\t\t\t\ttitle='Instituto del Ni\u00f1o de Rosario' href='https:\/\/vitralesdelrosario.com.ar\/vitral\/arte\/nggallery\/colegio\/instituto-del-nino'style=\"max-width: 320px\"\t\t\t\t\t>\n\t\t\t\t\t\tInstituto del Ni\u00f1o de Rosario\t\t\t\t\t<\/a>\n\t\t\t\t<\/h4>\n\t\t\t\t<p class=\"ngg-album-gallery-image-counter\">\n\t\t\t\t\t\t\t\t\t\t\t<strong>1<\/strong>&nbsp;Fotos\t\t\t\t\t\t\t\t\t<\/p>\n\t\t\t<\/div>\n\t\t\t\t\t<div class=\"ngg-album-compact\">\n\t\t\t\t<div class=\"ngg-album-compactbox\">\n\t\t\t\t\t<div class=\"ngg-album-link\">\n\t\t\t\t\t\t\t\t\t\t\t\t\t\t\t\t\t\t\t\t\t<a title='La Segunda Seguros Rosario' href='https:\/\/vitralesdelrosario.com.ar\/vitral\/arte\/nggallery\/colegio\/la-segunda'>\n\t\t\t\t\t\t\t\t\t<img class=\"Thumb\"\n\t\t\t\t\t\t\t\t\t\talt=\"La Segunda Seguros Rosario\"\n\t\t\t\t\t\t\t\t\t\tsrc=\"https:\/\/vitralesdelrosario.com.ar\/vitral\/wp-content\/gallery\/la-segunda\/cache\/Principal.jpg-nggid0235-ngg0dyn-300x200x100-00f0w010c011r110f110r010t010.jpg\"\/>\n\t\t\t\t\t\t\t\t<\/a>\n\t\t\t\t\t\t\t\t\t\t\t\t\t\t\t\t\t\t<\/div>\n\t\t\t\t<\/div>\n\t\t\t\t\t\t\t\t<h4>\n\t\t\t\t\t<a class='ngg-album-desc' \n\t\t\t\t\ttitle='La Segunda Seguros Rosario' href='https:\/\/vitralesdelrosario.com.ar\/vitral\/arte\/nggallery\/colegio\/la-segunda'style=\"max-width: 320px\"\t\t\t\t\t>\n\t\t\t\t\t\tLa Segunda Seguros Rosario\t\t\t\t\t<\/a>\n\t\t\t\t<\/h4>\n\t\t\t\t<p class=\"ngg-album-gallery-image-counter\">\n\t\t\t\t\t\t\t\t\t\t\t<strong>4<\/strong>&nbsp;Fotos\t\t\t\t\t\t\t\t\t<\/p>\n\t\t\t<\/div>\n\t\t\t\t\t<div class=\"ngg-album-compact\">\n\t\t\t\t<div class=\"ngg-album-compactbox\">\n\t\t\t\t\t<div class=\"ngg-album-link\">\n\t\t\t\t\t\t\t\t\t\t\t\t\t\t\t\t\t\t\t\t\t<a title='Mansi\u00f3n Astengo de Rosario' href='https:\/\/vitralesdelrosario.com.ar\/vitral\/arte\/nggallery\/colegio\/mansion-astengo'>\n\t\t\t\t\t\t\t\t\t<img class=\"Thumb\"\n\t\t\t\t\t\t\t\t\t\talt=\"Mansi\u00f3n Astengo de Rosario\"\n\t\t\t\t\t\t\t\t\t\tsrc=\"https:\/\/vitralesdelrosario.com.ar\/vitral\/wp-content\/gallery\/mansion-astengo\/cache\/Principal.jpg-nggid0239-ngg0dyn-300x200x100-00f0w010c011r110f110r010t010.jpg\"\/>\n\t\t\t\t\t\t\t\t<\/a>\n\t\t\t\t\t\t\t\t\t\t\t\t\t\t\t\t\t\t<\/div>\n\t\t\t\t<\/div>\n\t\t\t\t\t\t\t\t<h4>\n\t\t\t\t\t<a class='ngg-album-desc' \n\t\t\t\t\ttitle='Mansi\u00f3n Astengo de Rosario' href='https:\/\/vitralesdelrosario.com.ar\/vitral\/arte\/nggallery\/colegio\/mansion-astengo'style=\"max-width: 320px\"\t\t\t\t\t>\n\t\t\t\t\t\tMansi\u00f3n Astengo de Rosario\t\t\t\t\t<\/a>\n\t\t\t\t<\/h4>\n\t\t\t\t<p class=\"ngg-album-gallery-image-counter\">\n\t\t\t\t\t\t\t\t\t\t\t<strong>4<\/strong>&nbsp;Fotos\t\t\t\t\t\t\t\t\t<\/p>\n\t\t\t<\/div>\n\t\t\t\t\t<div class=\"ngg-album-compact\">\n\t\t\t\t<div class=\"ngg-album-compactbox\">\n\t\t\t\t\t<div class=\"ngg-album-link\">\n\t\t\t\t\t\t\t\t\t\t\t\t\t\t\t\t\t\t\t\t\t<a title='Palacio Minetti Rosario' href='https:\/\/vitralesdelrosario.com.ar\/vitral\/arte\/nggallery\/colegio\/palacio-minetti'>\n\t\t\t\t\t\t\t\t\t<img class=\"Thumb\"\n\t\t\t\t\t\t\t\t\t\talt=\"Palacio Minetti Rosario\"\n\t\t\t\t\t\t\t\t\t\tsrc=\"https:\/\/vitralesdelrosario.com.ar\/vitral\/wp-content\/gallery\/palacio-minetti\/cache\/Principal.jpg-nggid0243-ngg0dyn-300x200x100-00f0w010c011r110f110r010t010.jpg\"\/>\n\t\t\t\t\t\t\t\t<\/a>\n\t\t\t\t\t\t\t\t\t\t\t\t\t\t\t\t\t\t<\/div>\n\t\t\t\t<\/div>\n\t\t\t\t\t\t\t\t<h4>\n\t\t\t\t\t<a class='ngg-album-desc' \n\t\t\t\t\ttitle='Palacio Minetti Rosario' href='https:\/\/vitralesdelrosario.com.ar\/vitral\/arte\/nggallery\/colegio\/palacio-minetti'style=\"max-width: 320px\"\t\t\t\t\t>\n\t\t\t\t\t\tPalacio Minetti Rosario\t\t\t\t\t<\/a>\n\t\t\t\t<\/h4>\n\t\t\t\t<p class=\"ngg-album-gallery-image-counter\">\n\t\t\t\t\t\t\t\t\t\t\t<strong>4<\/strong>&nbsp;Fotos\t\t\t\t\t\t\t\t\t<\/p>\n\t\t\t<\/div>\n\t\t\t\t\t<div class=\"ngg-album-compact\">\n\t\t\t\t<div class=\"ngg-album-compactbox\">\n\t\t\t\t\t<div class=\"ngg-album-link\">\n\t\t\t\t\t\t\t\t\t\t\t\t\t\t\t\t\t\t\t\t\t<a title='Mc Martin Restaurant Rosario' href='https:\/\/vitralesdelrosario.com.ar\/vitral\/arte\/nggallery\/colegio\/mc-martin'>\n\t\t\t\t\t\t\t\t\t<img class=\"Thumb\"\n\t\t\t\t\t\t\t\t\t\talt=\"Mc Martin Restaurant Rosario\"\n\t\t\t\t\t\t\t\t\t\tsrc=\"https:\/\/vitralesdelrosario.com.ar\/vitral\/wp-content\/gallery\/mc-martin\/cache\/mac-001.jpg-nggid0244-ngg0dyn-300x200x100-00f0w010c011r110f110r010t010.jpg\"\/>\n\t\t\t\t\t\t\t\t<\/a>\n\t\t\t\t\t\t\t\t\t\t\t\t\t\t\t\t\t\t<\/div>\n\t\t\t\t<\/div>\n\t\t\t\t\t\t\t\t<h4>\n\t\t\t\t\t<a class='ngg-album-desc' \n\t\t\t\t\ttitle='Mc Martin Restaurant Rosario' href='https:\/\/vitralesdelrosario.com.ar\/vitral\/arte\/nggallery\/colegio\/mc-martin'style=\"max-width: 320px\"\t\t\t\t\t>\n\t\t\t\t\t\tMc Martin Restaurant Rosario\t\t\t\t\t<\/a>\n\t\t\t\t<\/h4>\n\t\t\t\t<p class=\"ngg-album-gallery-image-counter\">\n\t\t\t\t\t\t\t\t\t\t\t<strong>2<\/strong>&nbsp;Fotos\t\t\t\t\t\t\t\t\t<\/p>\n\t\t\t<\/div>\n\t\t\t\t\t<div class=\"ngg-album-compact\">\n\t\t\t\t<div class=\"ngg-album-compactbox\">\n\t\t\t\t\t<div class=\"ngg-album-link\">\n\t\t\t\t\t\t\t\t\t\t\t\t\t\t\t\t\t\t\t\t\t<a title='Victoria Mall Rosario' href='https:\/\/vitralesdelrosario.com.ar\/vitral\/arte\/nggallery\/colegio\/victoria-mall'>\n\t\t\t\t\t\t\t\t\t<img class=\"Thumb\"\n\t\t\t\t\t\t\t\t\t\talt=\"Victoria Mall Rosario\"\n\t\t\t\t\t\t\t\t\t\tsrc=\"https:\/\/vitralesdelrosario.com.ar\/vitral\/wp-content\/gallery\/victoria-mall\/cache\/principal.jpg-nggid0248-ngg0dyn-300x200x100-00f0w010c011r110f110r010t010.jpg\"\/>\n\t\t\t\t\t\t\t\t<\/a>\n\t\t\t\t\t\t\t\t\t\t\t\t\t\t\t\t\t\t<\/div>\n\t\t\t\t<\/div>\n\t\t\t\t\t\t\t\t<h4>\n\t\t\t\t\t<a class='ngg-album-desc' \n\t\t\t\t\ttitle='Victoria Mall Rosario' href='https:\/\/vitralesdelrosario.com.ar\/vitral\/arte\/nggallery\/colegio\/victoria-mall'style=\"max-width: 320px\"\t\t\t\t\t>\n\t\t\t\t\t\tVictoria Mall Rosario\t\t\t\t\t<\/a>\n\t\t\t\t<\/h4>\n\t\t\t\t<p class=\"ngg-album-gallery-image-counter\">\n\t\t\t\t\t\t\t\t\t\t\t<strong>3<\/strong>&nbsp;Fotos\t\t\t\t\t\t\t\t\t<\/p>\n\t\t\t<\/div>\n\t\t\t\t<br class=\"ngg-clear\"\/>\n\t\t<div class='ngg-clear'><\/div>\t<\/div>\n<\/p>\n","protected":false},"excerpt":{"rendered":"<p>Colegio de Escribanos Rosario 5&nbsp;Fotos Edificio Ex Bco Naci\u00f3n de Rosario 9&nbsp;Fotos Falabella Rosario 12&nbsp;Fotos Instituto del Ni\u00f1o de Rosario 1&nbsp;Fotos La Segunda Seguros Rosario 4&nbsp;Fotos Mansi\u00f3n Astengo de Rosario 4&nbsp;Fotos Palacio Minetti Rosario 4&nbsp;Fotos Mc Martin Restaurant Rosario 2&nbsp;Fotos Victoria Mall Rosario 3&nbsp;Fotos<\/p>\n<p class=\"continue-reading-button\"> <a class=\"continue-reading-link\" href=\"https:\/\/vitralesdelrosario.com.ar\/vitral\/arte\/\">Continue reading<i class=\"crycon-right-dir\"><\/i><\/a><\/p>\n","protected":false},"author":1,"featured_media":0,"parent":0,"menu_order":0,"comment_status":"closed","ping_status":"closed","template":"","meta":{"ngg_post_thumbnail":0,"jetpack_post_was_ever_published":false,"footnotes":""},"class_list":["post-31","page","type-page","status-publish","hentry"],"jetpack_sharing_enabled":true,"jetpack_shortlink":"https:\/\/wp.me\/P6dcQG-v","_links":{"self":[{"href":"https:\/\/vitralesdelrosario.com.ar\/vitral\/wp-json\/wp\/v2\/pages\/31","targetHints":{"allow":["GET"]}}],"collection":[{"href":"https:\/\/vitralesdelrosario.com.ar\/vitral\/wp-json\/wp\/v2\/pages"}],"about":[{"href":"https:\/\/vitralesdelrosario.com.ar\/vitral\/wp-json\/wp\/v2\/types\/page"}],"author":[{"embeddable":true,"href":"https:\/\/vitralesdelrosario.com.ar\/vitral\/wp-json\/wp\/v2\/users\/1"}],"replies":[{"embeddable":true,"href":"https:\/\/vitralesdelrosario.com.ar\/vitral\/wp-json\/wp\/v2\/comments?post=31"}],"version-history":[{"count":9,"href":"https:\/\/vitralesdelrosario.com.ar\/vitral\/wp-json\/wp\/v2\/pages\/31\/revisions"}],"predecessor-version":[{"id":863,"href":"https:\/\/vitralesdelrosario.com.ar\/vitral\/wp-json\/wp\/v2\/pages\/31\/revisions\/863"}],"wp:attachment":[{"href":"https:\/\/vitralesdelrosario.com.ar\/vitral\/wp-json\/wp\/v2\/media?parent=31"}],"curies":[{"name":"wp","href":"https:\/\/api.w.org\/{rel}","templated":true}]}}